{"id":1591,"date":"2019-04-01T10:19:30","date_gmt":"2019-04-01T10:19:30","guid":{"rendered":"http:\/\/avantage.bold-themes.com\/business\/?page_id=1591"},"modified":"2019-04-01T10:19:30","modified_gmt":"2019-04-01T10:19:30","slug":"latest-posts-four-columns","status":"publish","type":"page","link":"https:\/\/literabruchsal.com\/de\/info-utile\/latest-posts-four-columns\/","title":{"rendered":"Latest posts four columns"},"content":{"rendered":"<section id=\"bt_bb_section69f5bb88d3de9\" class=\"bt_bb_section bt_bb_layout_boxed_1200 bt_bb_vertical_align_top bt_bb_top_spacing_medium bt_bb_bottom_spacing_normal\"  data-bt-override-class=\"null\"><div class=\"bt_bb_port\"><div class=\"bt_bb_cell\"><div class=\"bt_bb_cell_inner\"><div class=\"bt_bb_row\"  data-bt-override-class=\"{}\"><div class=\"bt_bb_row_holder\" ><div  class=\"bt_bb_column col-xl-12 bt_bb_align_left bt_bb_vertical_align_top bt_bb_padding_normal\"  data-width=\"12\" data-bt-override-class=\"{}\"><div class=\"bt_bb_column_content\"><div class=\"bt_bb_latest_posts bt_bb_columns_4 bt_bb_gap_small bt_bb_look_standard_highlighted bt_bb_date_design_triangle bt_bb_show_dash_true bt_bb_image_shape_square\"><div class=\"bt_bb_latest_posts_item\"><div class=\"bt_bb_latest_posts_item_image\"><a href=\"https:\/\/literabruchsal.com\/de\/2025\/11\/29\/a\/\" target=\"_self\"><img decoding=\"async\" src=\"https:\/\/literabruchsal.com\/wp-content\/plugins\/bold-page-builder\/img\/blank.gif\" alt=\"a\" title=\"a\" class=\"btLazyLoadImage\" \"><\/a><\/div><div class=\"bt_bb_latest_posts_item_content\"><div class=\"bt_bb_latest_posts_item_category\"><ul class=\"post-categories\">\n\t<li><a href=\"https:\/\/literabruchsal.com\/de\/category\/proiecte\/\" rel=\"category tag\">Proiecte<\/a><\/li><\/ul><\/div><div class=\"bt_bb_latest_posts_item_meta\"><span class=\"bt_bb_latest_posts_item_date\"><span class=\"bt_bb_latest_posts_item_date bt_bb_latest_posts_item_date_day\">29<\/span><span class=\"bt_bb_latest_posts_item_date bt_bb_latest_posts_item_date_month\">Nov.<\/span><\/span><\/div><h5 class=\"bt_bb_latest_posts_item_title\"><a href=\"https:\/\/literabruchsal.com\/de\/2025\/11\/29\/a\/\" target=\"_self\">a<\/a><\/h5><div class=\"bt_bb_latest_posts_item_excerpt\"><\/div><div class=\"bt_bb_latest_posts_item_read_more\"><a href=\"https:\/\/literabruchsal.com\/de\/2025\/11\/29\/a\/\" target=\"_self\">Read more<\/a><\/div><\/div><\/div><div class=\"bt_bb_latest_posts_item\"><div class=\"bt_bb_latest_posts_item_image\"><a href=\"https:\/\/literabruchsal.com\/de\/2025\/11\/29\/%f0%9f%8e%84-atelier-de-craciun\/\" target=\"_self\"><img decoding=\"async\" src=\"https:\/\/literabruchsal.com\/wp-content\/plugins\/bold-page-builder\/img\/blank.gif\" alt=\"\ud83c\udf84 Atelier de Cr\u0103ciun\" title=\"\ud83c\udf84 Atelier de Cr\u0103ciun\" class=\"btLazyLoadImage\" \"><\/a><\/div><div class=\"bt_bb_latest_posts_item_content\"><div class=\"bt_bb_latest_posts_item_category\"><ul class=\"post-categories\">\n\t<li><a href=\"https:\/\/literabruchsal.com\/de\/category\/proiecte\/\" rel=\"category tag\">Proiecte<\/a><\/li><\/ul><\/div><div class=\"bt_bb_latest_posts_item_meta\"><span class=\"bt_bb_latest_posts_item_date\"><span class=\"bt_bb_latest_posts_item_date bt_bb_latest_posts_item_date_day\">29<\/span><span class=\"bt_bb_latest_posts_item_date bt_bb_latest_posts_item_date_month\">Nov.<\/span><\/span><\/div><h5 class=\"bt_bb_latest_posts_item_title\"><a href=\"https:\/\/literabruchsal.com\/de\/2025\/11\/29\/%f0%9f%8e%84-atelier-de-craciun\/\" target=\"_self\">\ud83c\udf84 Atelier de Cr\u0103ciun<\/a><\/h5><div class=\"bt_bb_latest_posts_item_excerpt\">\ud83c\udf84 Atelier de Cr\u0103ciun Proiect realizat \u00een colaborare cu Landratsamt Karlsruhe, Caritas Bruchsal \u0219i Stadt Bruchsal, colaborare \u00eenceput\u0103 \u00een 2023.Eveniment dedicat copiilor \u0219i familiilor, cu ateliere creative, colinde \u0219i tradi\u021bii rom\u00e2ne\u0219ti, care aduce bucurie \u0219i voie bun\u0103 tuturor participan\u021bilor. \u2728\ud83c\udf81<\/div><div class=\"bt_bb_latest_posts_item_read_more\"><a href=\"https:\/\/literabruchsal.com\/de\/2025\/11\/29\/%f0%9f%8e%84-atelier-de-craciun\/\" target=\"_self\">Read more<\/a><\/div><\/div><\/div><div class=\"bt_bb_latest_posts_item\"><div class=\"bt_bb_latest_posts_item_image\"><a href=\"https:\/\/literabruchsal.com\/de\/2025\/11\/29\/%f0%9f%8e%84-casuta-sperantei-o-traditie-a-intalnirii-si-generozitatii\/\" target=\"_self\"><img decoding=\"async\" src=\"https:\/\/literabruchsal.com\/wp-content\/plugins\/bold-page-builder\/img\/blank.gif\" alt=\"\ud83c\udf84 C\u0103su\u021ba Speran\u021bei \u2013 O tradi\u021bie a \u00eent\u00e2lnirii \u0219i generozit\u0103\u021bii\" title=\"\ud83c\udf84 C\u0103su\u021ba Speran\u021bei \u2013 O tradi\u021bie a \u00eent\u00e2lnirii \u0219i generozit\u0103\u021bii\" class=\"btLazyLoadImage\"  data-image_src=\"https:\/\/literabruchsal.com\/wp-content\/uploads\/2025\/11\/WhatsApp-Bild-2025-11-29-um-05.37.13_371f6d41-640x628.jpg\"><\/a><\/div><div class=\"bt_bb_latest_posts_item_content\"><div class=\"bt_bb_latest_posts_item_category\"><ul class=\"post-categories\">\n\t<li><a href=\"https:\/\/literabruchsal.com\/de\/category\/evenimente\/\" rel=\"category tag\">Evenimente<\/a><\/li><\/ul><\/div><div class=\"bt_bb_latest_posts_item_meta\"><span class=\"bt_bb_latest_posts_item_date\"><span class=\"bt_bb_latest_posts_item_date bt_bb_latest_posts_item_date_day\">29<\/span><span class=\"bt_bb_latest_posts_item_date bt_bb_latest_posts_item_date_month\">Nov.<\/span><\/span><\/div><h5 class=\"bt_bb_latest_posts_item_title\"><a href=\"https:\/\/literabruchsal.com\/de\/2025\/11\/29\/%f0%9f%8e%84-casuta-sperantei-o-traditie-a-intalnirii-si-generozitatii\/\" target=\"_self\">\ud83c\udf84 C\u0103su\u021ba Speran\u021bei \u2013 O tradi\u021bie a \u00eent\u00e2lnirii \u0219i generozit\u0103\u021bii<\/a><\/h5><div class=\"bt_bb_latest_posts_item_excerpt\">&nbsp; \ud83c\udf84 C\u0103su\u021ba Speran\u021bei \u2013 O tradi\u021bie a \u00eent\u00e2lnirii \u0219i generozit\u0103\u021bii \ud83d\udd52 Program \u0219i loca\u021bie \ud83d\udcc5 19\u201320 decembrie 2025 \u23f0 12:00 \u2013 21:30 \ud83d\udccd K\u00fcbelmarkt, Bruchsal 76646 \u2013 \u00een cadrul T\u00e2rgului de Cr\u0103ciun \u00cen fiecare an, Asocia\u021bia noastr\u0103 deschide C\u0103su\u021ba Speran\u021bei \u2014 un spa\u021biu mic, dar plin de lumin\u0103, creat pentru a aduce oamenii \u00eempreun\u0103...<\/div><div class=\"bt_bb_latest_posts_item_read_more\"><a href=\"https:\/\/literabruchsal.com\/de\/2025\/11\/29\/%f0%9f%8e%84-casuta-sperantei-o-traditie-a-intalnirii-si-generozitatii\/\" target=\"_self\">Read more<\/a><\/div><\/div><\/div><div class=\"bt_bb_latest_posts_item\"><div class=\"bt_bb_latest_posts_item_image\"><a href=\"https:\/\/literabruchsal.com\/de\/2025\/11\/15\/%f0%9f%94%94%f0%9f%8e%85-atelierul-lui-mos-craciun-6-decembrie-2025\/\" target=\"_self\"><img decoding=\"async\" src=\"https:\/\/literabruchsal.com\/wp-content\/plugins\/bold-page-builder\/img\/blank.gif\" alt=\"\ud83d\udd14\ud83c\udf85 Atelierul lui Mo\u0219 Cr\u0103ciun \u2013 6 Decembrie 2025\" title=\"\ud83d\udd14\ud83c\udf85 Atelierul lui Mo\u0219 Cr\u0103ciun \u2013 6 Decembrie 2025\" class=\"btLazyLoadImage\"  data-image_src=\"https:\/\/literabruchsal.com\/wp-content\/uploads\/2025\/11\/cover-ro--640x628.jpg\"><\/a><\/div><div class=\"bt_bb_latest_posts_item_content\"><div class=\"bt_bb_latest_posts_item_category\"><ul class=\"post-categories\">\n\t<li><a href=\"https:\/\/literabruchsal.com\/de\/category\/evenimente\/\" rel=\"category tag\">Evenimente<\/a><\/li><\/ul><\/div><div class=\"bt_bb_latest_posts_item_meta\"><span class=\"bt_bb_latest_posts_item_date\"><span class=\"bt_bb_latest_posts_item_date bt_bb_latest_posts_item_date_day\">15<\/span><span class=\"bt_bb_latest_posts_item_date bt_bb_latest_posts_item_date_month\">Nov.<\/span><\/span><\/div><h5 class=\"bt_bb_latest_posts_item_title\"><a href=\"https:\/\/literabruchsal.com\/de\/2025\/11\/15\/%f0%9f%94%94%f0%9f%8e%85-atelierul-lui-mos-craciun-6-decembrie-2025\/\" target=\"_self\">\ud83d\udd14\ud83c\udf85 Atelierul lui Mo\u0219 Cr\u0103ciun \u2013 6 Decembrie 2025<\/a><\/h5><div class=\"bt_bb_latest_posts_item_excerpt\">\ud83c\udf84 Ding-ding-diiiing! Sun\u0103 clopo\u021beii la Atelierul lui Mo\u0219 Cr\u0103ciun! Mo\u0219 Cr\u0103ciun \u0219i spiridu\u0219ii lui dau startul unui atelier plin de magie: sclipici, colinde, r\u00e2sete \u0219i crea\u021bii de s\u0103rb\u0103toare! Un program vesel, creativ \u0219i potrivit at\u00e2t pentru cei mici, c\u00e2t \u0219i pentru cei mari. \ud83d\udd14 Ce ne a\u0219teapt\u0103? \ud83c\udfa8 Atelier de crea\u021bie: decora\u021biuni, felicit\u0103ri, stele, globuri...<\/div><div class=\"bt_bb_latest_posts_item_read_more\"><a href=\"https:\/\/literabruchsal.com\/de\/2025\/11\/15\/%f0%9f%94%94%f0%9f%8e%85-atelierul-lui-mos-craciun-6-decembrie-2025\/\" target=\"_self\">Read more<\/a><\/div><\/div><\/div><div class=\"bt_bb_latest_posts_item\"><div class=\"bt_bb_latest_posts_item_image\"><a href=\"https:\/\/literabruchsal.com\/de\/2025\/11\/01\/%f0%9f%93%9a-cursuri-de-limba-cultura-si-civilizatie-romaneasca-lccrbruchsal-pforzheim\/\" target=\"_self\"><img decoding=\"async\" src=\"https:\/\/literabruchsal.com\/wp-content\/plugins\/bold-page-builder\/img\/blank.gif\" alt=\"\ud83d\udcda Cursuri de Limb\u0103, Cultur\u0103 \u0219i Civiliza\u021bie Rom\u00e2neasc\u0103 (LCCR),Bruchsal \/Pforzheim\" title=\"\ud83d\udcda Cursuri de Limb\u0103, Cultur\u0103 \u0219i Civiliza\u021bie Rom\u00e2neasc\u0103 (LCCR),Bruchsal \/Pforzheim\" class=\"btLazyLoadImage\"  data-image_src=\"https:\/\/literabruchsal.com\/wp-content\/uploads\/2025\/11\/LCCRFOTO-640x640.jpg\"><\/a><\/div><div class=\"bt_bb_latest_posts_item_content\"><div class=\"bt_bb_latest_posts_item_category\"><ul class=\"post-categories\">\n\t<li><a href=\"https:\/\/literabruchsal.com\/de\/category\/informatii-utile\/\" rel=\"category tag\">Informatii Utile<\/a><\/li><\/ul><\/div><div class=\"bt_bb_latest_posts_item_meta\"><span class=\"bt_bb_latest_posts_item_date\"><span class=\"bt_bb_latest_posts_item_date bt_bb_latest_posts_item_date_day\">1<\/span><span class=\"bt_bb_latest_posts_item_date bt_bb_latest_posts_item_date_month\">Nov.<\/span><\/span><\/div><h5 class=\"bt_bb_latest_posts_item_title\"><a href=\"https:\/\/literabruchsal.com\/de\/2025\/11\/01\/%f0%9f%93%9a-cursuri-de-limba-cultura-si-civilizatie-romaneasca-lccrbruchsal-pforzheim\/\" target=\"_self\">\ud83d\udcda Cursuri de Limb\u0103, Cultur\u0103 \u0219i Civiliza\u021bie Rom\u00e2neasc\u0103 (LCCR),Bruchsal \/Pforzheim<\/a><\/h5><div class=\"bt_bb_latest_posts_item_excerpt\">\ud83d\udcc5 \u00censcrieri pentru toamna 2025! \ud83d\udcda Muttersprachlicher Unterricht \u2013 Cursuri de limb\u0103 rom\u00e2n\u0103 pentru copii \ud83d\udce9 \u00censcrieri \u0219i informa\u021bii: \ud83d\udc49 Contact: Ana-Maria Flegler \ud83d\udcf1 WhatsApp: 0157 7198 7317 Este un curs gratuit, oferit de Institutul Limbii Rom\u00e2ne \u0219i #ConsulatulGeneralRom\u00e2niei la Stuttgart, sprijinit de Ministerul Kultelor din Baden-W\u00fcrttemberg. \ud83d\udccd Unde \u0219i c\u00e2nd: Bruchsal \u2013 Sch\u00f6nborngymnasium \ud83d\uddd3...<\/div><div class=\"bt_bb_latest_posts_item_read_more\"><a href=\"https:\/\/literabruchsal.com\/de\/2025\/11\/01\/%f0%9f%93%9a-cursuri-de-limba-cultura-si-civilizatie-romaneasca-lccrbruchsal-pforzheim\/\" target=\"_self\">Read more<\/a><\/div><\/div><\/div><div class=\"bt_bb_latest_posts_item\"><div class=\"bt_bb_latest_posts_item_image\"><a href=\"https:\/\/literabruchsal.com\/de\/2025\/10\/01\/festival-concurs-literar-pentru-copiii-si-tinerii-romani-de-pretutindeni-clasa-5-12-editia-a-iii-a\/\" target=\"_self\"><img decoding=\"async\" src=\"https:\/\/literabruchsal.com\/wp-content\/plugins\/bold-page-builder\/img\/blank.gif\" alt=\"Festival &#8211; Concurs literar pentru copiii \u0219i tinerii rom\u00e2ni de pretutindeni (clasa 5-12), edi\u021bia a III-a\" title=\"Festival &#8211; Concurs literar pentru copiii \u0219i tinerii rom\u00e2ni de pretutindeni (clasa 5-12), edi\u021bia a III-a\" class=\"btLazyLoadImage\" \"><\/a><\/div><div class=\"bt_bb_latest_posts_item_content\"><div class=\"bt_bb_latest_posts_item_category\"><ul class=\"post-categories\">\n\t<li><a href=\"https:\/\/literabruchsal.com\/de\/category\/proiecte\/\" rel=\"category tag\">Proiecte<\/a><\/li><\/ul><\/div><div class=\"bt_bb_latest_posts_item_meta\"><span class=\"bt_bb_latest_posts_item_date\"><span class=\"bt_bb_latest_posts_item_date bt_bb_latest_posts_item_date_day\">1<\/span><span class=\"bt_bb_latest_posts_item_date bt_bb_latest_posts_item_date_month\">Okt.<\/span><\/span><\/div><h5 class=\"bt_bb_latest_posts_item_title\"><a href=\"https:\/\/literabruchsal.com\/de\/2025\/10\/01\/festival-concurs-literar-pentru-copiii-si-tinerii-romani-de-pretutindeni-clasa-5-12-editia-a-iii-a\/\" target=\"_self\">Festival &#8211; Concurs literar pentru copiii \u0219i tinerii rom\u00e2ni de pretutindeni (clasa 5-12), edi\u021bia a III-a<\/a><\/h5><div class=\"bt_bb_latest_posts_item_excerpt\">\ud83d\udcd6 Festivalul \u201eLITERE Rom\u00e2ne\u0219ti\u201d \u2013 Edi\u021bia a III-a Asocia\u021bia Germano-Rom\u00e2n\u0103 LITERA Bruchsal organizeaz\u0103 cea de-a III-a edi\u021bie a Festivalului \u201eLITERE Rom\u00e2ne\u0219ti\u201d, \u00een parteneriat cu institu\u021bii culturale \u0219i media din Europa \u0219i din lume. Proiectul \u00ee\u0219i propune s\u0103 promoveze creativitatea copiilor \u0219i tinerilor rom\u00e2ni de pretutindeni, \u00eencuraj\u00e2nd exprimarea g\u00e2ndurilor \u0219i emo\u021biilor \u00een limba rom\u00e2n\u0103. Detalii proiect:...<\/div><div class=\"bt_bb_latest_posts_item_read_more\"><a href=\"https:\/\/literabruchsal.com\/de\/2025\/10\/01\/festival-concurs-literar-pentru-copiii-si-tinerii-romani-de-pretutindeni-clasa-5-12-editia-a-iii-a\/\" target=\"_self\">Read more<\/a><\/div><\/div><\/div><div class=\"bt_bb_latest_posts_item\"><div class=\"bt_bb_latest_posts_item_image\"><a href=\"https:\/\/literabruchsal.com\/de\/2025\/09\/01\/litere-romanesti\/\" target=\"_self\"><img decoding=\"async\" src=\"https:\/\/literabruchsal.com\/wp-content\/plugins\/bold-page-builder\/img\/blank.gif\" alt=\"LITERE Rom\u00e2ne\u0219ti  (octombrie-decembrie 2025)\" title=\"LITERE Rom\u00e2ne\u0219ti  (octombrie-decembrie 2025)\" class=\"btLazyLoadImage\"  data-image_src=\"https:\/\/literabruchsal.com\/wp-content\/uploads\/2025\/09\/afis-fb-1-640x315.jpg\"><\/a><\/div><div class=\"bt_bb_latest_posts_item_content\"><div class=\"bt_bb_latest_posts_item_category\"><ul class=\"post-categories\">\n\t<li><a href=\"https:\/\/literabruchsal.com\/de\/category\/evenimente\/\" rel=\"category tag\">Evenimente<\/a><\/li>\n\t<li><a href=\"https:\/\/literabruchsal.com\/de\/category\/informatii-utile\/\" rel=\"category tag\">Informatii Utile<\/a><\/li><\/ul><\/div><div class=\"bt_bb_latest_posts_item_meta\"><span class=\"bt_bb_latest_posts_item_date\"><span class=\"bt_bb_latest_posts_item_date bt_bb_latest_posts_item_date_day\">1<\/span><span class=\"bt_bb_latest_posts_item_date bt_bb_latest_posts_item_date_month\">Sep.<\/span><\/span><\/div><h5 class=\"bt_bb_latest_posts_item_title\"><a href=\"https:\/\/literabruchsal.com\/de\/2025\/09\/01\/litere-romanesti\/\" target=\"_self\">LITERE Rom\u00e2ne\u0219ti  (octombrie-decembrie 2025)<\/a><\/h5><div class=\"bt_bb_latest_posts_item_excerpt\">Festival &#8211; Concurs literar pentru copiii \u0219i tinerii rom\u00e2ni de pretutindeni (clasa 5-12), edi\u021bia a III-a Regulamentul Festivalului \u2013 Concurs literar \u201dLITERE Rom\u00e2ne\u0219ti\u201d Edi\u021bia a III-a \u00a0 ORGANIZATORI: Asocia\u0163ia Germano-Rom\u00e2n\u0103 LITERA Bruchsal, cu sprijinul Consulatului General al Rom\u00e2niei la Stuttgart, Germania \u00cen parteneriat cultural cu: Al. I. Cuza &#8211; Gesellschaft f\u00fcr Literatur, Musik und Kunst...<\/div><div class=\"bt_bb_latest_posts_item_read_more\"><a href=\"https:\/\/literabruchsal.com\/de\/2025\/09\/01\/litere-romanesti\/\" target=\"_self\">Read more<\/a><\/div><\/div><\/div><div class=\"bt_bb_latest_posts_item\"><div class=\"bt_bb_latest_posts_item_image\"><a href=\"https:\/\/literabruchsal.com\/de\/2025\/05\/29\/%f0%9f%8c%bc-ziua-universala-a-iei-radacini-puterea-ritualului\/\" target=\"_self\"><img decoding=\"async\" src=\"https:\/\/literabruchsal.com\/wp-content\/plugins\/bold-page-builder\/img\/blank.gif\" alt=\"\ud83c\udf3c ZIUA UNIVERSAL\u0102 A IEI R\u0103d\u0103cini \u2013 Puterea Ritualului\" title=\"\ud83c\udf3c ZIUA UNIVERSAL\u0102 A IEI R\u0103d\u0103cini \u2013 Puterea Ritualului\" class=\"btLazyLoadImage\"  data-image_src=\"https:\/\/literabruchsal.com\/wp-content\/uploads\/2025\/11\/508473126_1025012339823334_5806930338167213726_n-640x640.jpg\"><\/a><\/div><div class=\"bt_bb_latest_posts_item_content\"><div class=\"bt_bb_latest_posts_item_category\"><ul class=\"post-categories\">\n\t<li><a href=\"https:\/\/literabruchsal.com\/de\/category\/evenimente\/\" rel=\"category tag\">Evenimente<\/a><\/li>\n\t<li><a href=\"https:\/\/literabruchsal.com\/de\/category\/proiecte\/\" rel=\"category tag\">Proiecte<\/a><\/li><\/ul><\/div><div class=\"bt_bb_latest_posts_item_meta\"><span class=\"bt_bb_latest_posts_item_date\"><span class=\"bt_bb_latest_posts_item_date bt_bb_latest_posts_item_date_day\">29<\/span><span class=\"bt_bb_latest_posts_item_date bt_bb_latest_posts_item_date_month\">Mai<\/span><\/span><\/div><h5 class=\"bt_bb_latest_posts_item_title\"><a href=\"https:\/\/literabruchsal.com\/de\/2025\/05\/29\/%f0%9f%8c%bc-ziua-universala-a-iei-radacini-puterea-ritualului\/\" target=\"_self\">\ud83c\udf3c ZIUA UNIVERSAL\u0102 A IEI R\u0103d\u0103cini \u2013 Puterea Ritualului<\/a><\/h5><div class=\"bt_bb_latest_posts_item_excerpt\">\ud83d\udccd Locul: Obst- und Gartenbauverein Forst\ud83d\udd17 https:\/\/g.co\/kgs\/eH7bmUa\ud83d\udd52 Ora: 15:00 \u2013 17:00\ud83d\udcf1 \u00censcrieri WhatsApp: 0157 7198 7317 Pe 29 iunie, cei mici \u0219i cei mari vor p\u0103\u0219i \u00eentr-o lume de poveste! Vor \u00eenv\u0103\u021ba s\u0103 \u00eempleteasc\u0103 cununi de s\u00e2nziene, vor dansa Dr\u0103gaica, vor aduna rou\u0103 \u0219i vor asculta legende str\u0103vechi, c\u00e2ndva spuse \u00een jurul focului. \ud83d\udd25\u2728 Un...<\/div><div class=\"bt_bb_latest_posts_item_read_more\"><a href=\"https:\/\/literabruchsal.com\/de\/2025\/05\/29\/%f0%9f%8c%bc-ziua-universala-a-iei-radacini-puterea-ritualului\/\" target=\"_self\">Read more<\/a><\/div><\/div><\/div><div class=\"bt_bb_latest_posts_item\"><div class=\"bt_bb_latest_posts_item_image\"><a href=\"https:\/\/literabruchsal.com\/de\/2025\/04\/24\/aktionstag-der-vereine-in-bruchsal-ziua-asociatiilor-din-bruchsal\/\" target=\"_self\"><img decoding=\"async\" src=\"https:\/\/literabruchsal.com\/wp-content\/plugins\/bold-page-builder\/img\/blank.gif\" alt=\"\u00a0Aktionstag der Vereine in Bruchsal -Ziua Asocia\u021biilor din Bruchsal\" title=\"\u00a0Aktionstag der Vereine in Bruchsal -Ziua Asocia\u021biilor din Bruchsal\" class=\"btLazyLoadImage\"  data-image_src=\"https:\/\/literabruchsal.com\/wp-content\/uploads\/2025\/11\/499713023_1118207500346051_5071164185164309239_n-640x640.jpg\"><\/a><\/div><div class=\"bt_bb_latest_posts_item_content\"><div class=\"bt_bb_latest_posts_item_category\"><ul class=\"post-categories\">\n\t<li><a href=\"https:\/\/literabruchsal.com\/de\/category\/evenimente\/\" rel=\"category tag\">Evenimente<\/a><\/li>\n\t<li><a href=\"https:\/\/literabruchsal.com\/de\/category\/informatii-utile\/\" rel=\"category tag\">Informatii Utile<\/a><\/li><\/ul><\/div><div class=\"bt_bb_latest_posts_item_meta\"><span class=\"bt_bb_latest_posts_item_date\"><span class=\"bt_bb_latest_posts_item_date bt_bb_latest_posts_item_date_day\">24<\/span><span class=\"bt_bb_latest_posts_item_date bt_bb_latest_posts_item_date_month\">Apr.<\/span><\/span><\/div><h5 class=\"bt_bb_latest_posts_item_title\"><a href=\"https:\/\/literabruchsal.com\/de\/2025\/04\/24\/aktionstag-der-vereine-in-bruchsal-ziua-asociatiilor-din-bruchsal\/\" target=\"_self\">\u00a0Aktionstag der Vereine in Bruchsal -Ziua Asocia\u021biilor din Bruchsal<\/a><\/h5><div class=\"bt_bb_latest_posts_item_excerpt\">\ud83d\udcc5 S\u00e2mb\u0103t\u0103, 24 mai 2025\ud83d\udd5a Ora 11:00 \u2013 17:00\ud83d\udccd Quartiersplatz Bruchsal \ud83c\udf1f Experimenteaz\u0103 \u2022 Particip\u0103 \u2022 Descoper\u0103! Aproximativ 40 de asocia\u021bii din Bruchsal se prezint\u0103 cu activit\u0103\u021bi interactive, demonstra\u021bii \u0219i momente speciale pentru toate v\u00e2rstele \u2013 gratuit \u0219i deschis pentru toat\u0103 lumea! \ud83d\udcaa\ud83d\udc67\ud83d\udc68\u200d\ud83e\uddb3 Fie c\u0103 este vorba de sport, cultur\u0103, domeniul social sau muzic\u0103 \u2013...<\/div><div class=\"bt_bb_latest_posts_item_read_more\"><a href=\"https:\/\/literabruchsal.com\/de\/2025\/04\/24\/aktionstag-der-vereine-in-bruchsal-ziua-asociatiilor-din-bruchsal\/\" target=\"_self\">Read more<\/a><\/div><\/div><\/div><div class=\"bt_bb_latest_posts_item\"><div class=\"bt_bb_latest_posts_item_image\"><a href=\"https:\/\/literabruchsal.com\/de\/2025\/02\/07\/lectura-publica-cu-catalin-dorian-florescu-la-biblioteca-din-bruchsal\/\" target=\"_self\"><img decoding=\"async\" src=\"https:\/\/literabruchsal.com\/wp-content\/plugins\/bold-page-builder\/img\/blank.gif\" alt=\"Lectur\u0103 public\u0103 cu C\u0103t\u0103lin Dorian Florescu la Biblioteca din Bruchsal\" title=\"Lectur\u0103 public\u0103 cu C\u0103t\u0103lin Dorian Florescu la Biblioteca din Bruchsal\" class=\"btLazyLoadImage\"  data-image_src=\"https:\/\/literabruchsal.com\/wp-content\/uploads\/2025\/11\/487749318_965410009116901_7537353468197953303_n-640x640.jpg\"><\/a><\/div><div class=\"bt_bb_latest_posts_item_content\"><div class=\"bt_bb_latest_posts_item_category\"><ul class=\"post-categories\">\n\t<li><a href=\"https:\/\/literabruchsal.com\/de\/category\/evenimente\/\" rel=\"category tag\">Evenimente<\/a><\/li><\/ul><\/div><div class=\"bt_bb_latest_posts_item_meta\"><span class=\"bt_bb_latest_posts_item_date\"><span class=\"bt_bb_latest_posts_item_date bt_bb_latest_posts_item_date_day\">7<\/span><span class=\"bt_bb_latest_posts_item_date bt_bb_latest_posts_item_date_month\">Feb.<\/span><\/span><\/div><h5 class=\"bt_bb_latest_posts_item_title\"><a href=\"https:\/\/literabruchsal.com\/de\/2025\/02\/07\/lectura-publica-cu-catalin-dorian-florescu-la-biblioteca-din-bruchsal\/\" target=\"_self\">Lectur\u0103 public\u0103 cu C\u0103t\u0103lin Dorian Florescu la Biblioteca din Bruchsal<\/a><\/h5><div class=\"bt_bb_latest_posts_item_excerpt\">\u00cen romanul s\u0103u captivant, care se \u00eentinde pe durata unui secol, scriitorul \u0219i psihologul elve\u021bian C\u0103t\u0103lin Dorian Florescu spune o poveste tulbur\u0103toare despre vicisitudinile istoriei, despre familie \u0219i prietenie, despre tr\u0103dare \u0219i iubire, despre puterea de rezisten\u021b\u0103 \u0219i despre via\u021ba schimb\u0103toare \u2014 c\u00e2nd colorat\u0103, c\u00e2nd trist\u0103 \u2014 din Bucure\u0219ti. Evenimentul are loc \u00een colaborare cu...<\/div><div class=\"bt_bb_latest_posts_item_read_more\"><a href=\"https:\/\/literabruchsal.com\/de\/2025\/02\/07\/lectura-publica-cu-catalin-dorian-florescu-la-biblioteca-din-bruchsal\/\" target=\"_self\">Read more<\/a><\/div><\/div><\/div><div class=\"bt_bb_latest_posts_item\"><div class=\"bt_bb_latest_posts_item_image\"><a href=\"https:\/\/literabruchsal.com\/de\/2025\/01\/16\/%f0%9f%8c%b8-atelierul-de-martisoare-adu-primavara-mai-aproape16-02-2025\/\" target=\"_self\"><img decoding=\"async\" src=\"https:\/\/literabruchsal.com\/wp-content\/plugins\/bold-page-builder\/img\/blank.gif\" alt=\"Atelierul de M\u0103r\u021bi\u0219oare \u2013 Adu prim\u0103vara mai aproape! 16.02.2025\" title=\"Atelierul de M\u0103r\u021bi\u0219oare \u2013 Adu prim\u0103vara mai aproape! 16.02.2025\" class=\"btLazyLoadImage\"  data-image_src=\"https:\/\/literabruchsal.com\/wp-content\/uploads\/2025\/01\/WhatsApp-Bild-2025-02-18-um-09.43.42_05274e18-640x640.jpg\"><\/a><\/div><div class=\"bt_bb_latest_posts_item_content\"><div class=\"bt_bb_latest_posts_item_category\"><ul class=\"post-categories\">\n\t<li><a href=\"https:\/\/literabruchsal.com\/de\/category\/evenimente\/\" rel=\"category tag\">Evenimente<\/a><\/li><\/ul><\/div><div class=\"bt_bb_latest_posts_item_meta\"><span class=\"bt_bb_latest_posts_item_date\"><span class=\"bt_bb_latest_posts_item_date bt_bb_latest_posts_item_date_day\">16<\/span><span class=\"bt_bb_latest_posts_item_date bt_bb_latest_posts_item_date_month\">Jan.<\/span><\/span><\/div><h5 class=\"bt_bb_latest_posts_item_title\"><a href=\"https:\/\/literabruchsal.com\/de\/2025\/01\/16\/%f0%9f%8c%b8-atelierul-de-martisoare-adu-primavara-mai-aproape16-02-2025\/\" target=\"_self\">Atelierul de M\u0103r\u021bi\u0219oare \u2013 Adu prim\u0103vara mai aproape! 16.02.2025<\/a><\/h5><div class=\"bt_bb_latest_posts_item_excerpt\">\ud83c\udf38 Atelierul de M\u0103r\u021bi\u0219oare \u2013 Adu prim\u0103vara mai aproape! Este minunat c\u0103 Atelierul de M\u0103r\u021bi\u0219oare continu\u0103 s\u0103 aduc\u0103 \u00eempreun\u0103 copiii \u0219i p\u0103rin\u021bii, p\u0103str\u00e2nd vie tradi\u021bia \u0219i cultura rom\u00e2neasc\u0103!Fiecare an aduce noi talente \u0219i noi oportunit\u0103\u021bi de \u00eenv\u0103\u021bare, iar tema semnelor primordiale ofer\u0103 o dimensiune profund\u0103 acestei experien\u021be. A avea ocazia de a explora semnele \u0219i...<\/div><div class=\"bt_bb_latest_posts_item_read_more\"><a href=\"https:\/\/literabruchsal.com\/de\/2025\/01\/16\/%f0%9f%8c%b8-atelierul-de-martisoare-adu-primavara-mai-aproape16-02-2025\/\" target=\"_self\">Read more<\/a><\/div><\/div><\/div><div class=\"bt_bb_latest_posts_item\"><div class=\"bt_bb_latest_posts_item_image\"><a href=\"https:\/\/literabruchsal.com\/de\/2024\/12\/10\/atelierul-lui-mos-craciun-2\/\" target=\"_self\"><img decoding=\"async\" src=\"https:\/\/literabruchsal.com\/wp-content\/plugins\/bold-page-builder\/img\/blank.gif\" alt=\"\ud83c\udf84 Hai la C\u0103su\u021ba LITERA din T\u00e2rgul de Cr\u0103ciun! 19\u201320 decembrie 2024\" title=\"\ud83c\udf84 Hai la C\u0103su\u021ba LITERA din T\u00e2rgul de Cr\u0103ciun! 19\u201320 decembrie 2024\" class=\"btLazyLoadImage\"  data-image_src=\"https:\/\/literabruchsal.com\/wp-content\/uploads\/2024\/12\/469939124_888499940141242_5123008177221060181_n-640x640.jpg\"><\/a><\/div><div class=\"bt_bb_latest_posts_item_content\"><div class=\"bt_bb_latest_posts_item_category\"><ul class=\"post-categories\">\n\t<li><a href=\"https:\/\/literabruchsal.com\/de\/category\/evenimente\/\" rel=\"category tag\">Evenimente<\/a><\/li><\/ul><\/div><div class=\"bt_bb_latest_posts_item_meta\"><span class=\"bt_bb_latest_posts_item_date\"><span class=\"bt_bb_latest_posts_item_date bt_bb_latest_posts_item_date_day\">10<\/span><span class=\"bt_bb_latest_posts_item_date bt_bb_latest_posts_item_date_month\">Dez.<\/span><\/span><\/div><h5 class=\"bt_bb_latest_posts_item_title\"><a href=\"https:\/\/literabruchsal.com\/de\/2024\/12\/10\/atelierul-lui-mos-craciun-2\/\" target=\"_self\">\ud83c\udf84 Hai la C\u0103su\u021ba LITERA din T\u00e2rgul de Cr\u0103ciun! 19\u201320 decembrie 2024<\/a><\/h5><div class=\"bt_bb_latest_posts_item_excerpt\"><\/div><div class=\"bt_bb_latest_posts_item_read_more\"><a href=\"https:\/\/literabruchsal.com\/de\/2024\/12\/10\/atelierul-lui-mos-craciun-2\/\" target=\"_self\">Read more<\/a><\/div><\/div><\/div><\/div><\/div><\/div><\/div><\/div><\/div><!-- cell_inner --><\/div><!-- cell --><\/div><!-- port --><\/section>","protected":false},"excerpt":{"rendered":"<p>Credibly reintermediate backend ideas for cross-platform models. Continually reintermediate integrated processes through technically sound intellectual capital. Holistically foster superior methodologies without market-driven best practices.<\/p>","protected":false},"author":2,"featured_media":1831,"parent":1571,"menu_order":0,"comment_status":"closed","ping_status":"closed","template":"","meta":{"footnotes":""},"class_list":["post-1591","page","type-page","status-publish","has-post-thumbnail","hentry"],"_links":{"self":[{"href":"https:\/\/literabruchsal.com\/de\/wp-json\/wp\/v2\/pages\/1591","targetHints":{"allow":["GET"]}}],"collection":[{"href":"https:\/\/literabruchsal.com\/de\/wp-json\/wp\/v2\/pages"}],"about":[{"href":"https:\/\/literabruchsal.com\/de\/wp-json\/wp\/v2\/types\/page"}],"author":[{"embeddable":true,"href":"https:\/\/literabruchsal.com\/de\/wp-json\/wp\/v2\/users\/2"}],"replies":[{"embeddable":true,"href":"https:\/\/literabruchsal.com\/de\/wp-json\/wp\/v2\/comments?post=1591"}],"version-history":[{"count":0,"href":"https:\/\/literabruchsal.com\/de\/wp-json\/wp\/v2\/pages\/1591\/revisions"}],"up":[{"embeddable":true,"href":"https:\/\/literabruchsal.com\/de\/wp-json\/wp\/v2\/pages\/1571"}],"wp:featuredmedia":[{"embeddable":true,"href":"https:\/\/literabruchsal.com\/de\/wp-json\/wp\/v2\/media\/1831"}],"wp:attachment":[{"href":"https:\/\/literabruchsal.com\/de\/wp-json\/wp\/v2\/media?parent=1591"}],"curies":[{"name":"wp","href":"https:\/\/api.w.org\/{rel}","templated":true}]}}